{"id":41816,"date":"2025-02-25T12:14:17","date_gmt":"2025-02-25T11:14:17","guid":{"rendered":"https:\/\/revierwelt.de\/index.php\/referinte\/"},"modified":"2025-02-25T12:14:23","modified_gmt":"2025-02-25T11:14:23","slug":"referinte","status":"publish","type":"page","link":"https:\/\/revierwelt.de\/index.php\/referinte\/?lang=ro","title":{"rendered":"Referin\u021be"},"content":{"rendered":"<section class=\"l-section wpb_row height_medium color_alternate\" id=\"start\"><div class=\"l-section-h i-cf\"><div class=\"g-cols vc_row via_flex valign_top type_default stacking_default\"><div class=\"vc_col-sm-12 wpb_column vc_column_container\"><div class=\"vc_column-inner\"><div class=\"wpb_wrapper\"><div class=\"wpb_text_column\"><div class=\"wpb_wrapper\"><h2 style=\"text-align: center;\"><strong>REVIERWELT.<\/strong>  Referin\u021be.<\/h2>\n<\/div><\/div><\/div><\/div><\/div><\/div><\/div><\/section><section class=\"l-section wpb_row height_auto width_full\"><div class=\"l-section-h i-cf\"><div class=\"g-cols vc_row via_flex valign_middle type_boxes stacking_default\"><div class=\"vc_col-sm-6 wpb_column vc_column_container us_animate_afl\"><div class=\"vc_column-inner\"><div class=\"wpb_wrapper\"><div class=\"wpb_text_column\"><div class=\"wpb_wrapper\"><h3>Mai mult de 20.000 de terenuri de v\u00e2n\u0103toare folosesc lumea terenurilor de v\u00e2n\u0103toare.<\/h3>\n<p>Iar num\u0103rul v\u00e2n\u0103torilor care folosesc lumea fondurilor de v\u00e2n\u0103toare cre\u0219te \u00een fiecare zi. \u00cen prezent, exist\u0103 peste 100 000 de v\u00e2n\u0103tori, iar noi am enumerat c\u00e2teva dintre acestea ca exemple &#8211; v\u00e2n\u0103torul individual, asocia\u021bia de v\u00e2n\u0103toare, fondul de v\u00e2n\u0103toare gestionat de v\u00e2n\u0103torul profesionist, v\u00e2n\u0103torile comune \u0219i organizate de mari dimensiuni, parcurile na\u021bionale \u0219i proiectele speciale \u00een cercetarea faunei s\u0103lbatice. Cu alte cuvinte, profiluri de cerin\u021be foarte diferite, care pot fi toate realizate cu ajutorul lumii terenurilor de v\u00e2n\u0103toare.<\/p>\n<\/div><\/div><\/div><\/div><\/div><div class=\"vc_col-sm-6 vc_hidden-xs wpb_column vc_column_container has_bg_color us_animate_afr\"><div class=\"vc_column-inner us_custom_5ffea19a\"><div class=\"wpb_wrapper\"><div class=\"w-separator size_custom\" style=\"height:200px\"><\/div><\/div><\/div><\/div><\/div><\/div><\/section><section class=\"l-section wpb_row height_auto width_full\"><div class=\"l-section-h i-cf\"><div class=\"g-cols vc_row via_flex valign_middle type_boxes stacking_default\"><div class=\"vc_col-sm-6 wpb_column vc_column_container has_bg_color us_animate_afl\"><div class=\"vc_column-inner us_custom_5ed667c3\"><div class=\"wpb_wrapper\"><div class=\"w-separator size_custom\" style=\"height:200px\"><\/div><\/div><\/div><\/div><div class=\"vc_col-sm-6 wpb_column vc_column_container us_animate_afr\"><div class=\"vc_column-inner\"><div class=\"wpb_wrapper\"><div class=\"w-iconbox iconpos_left style_default color_primary align_left no_text\"><a target=\" _blank\" rel=\"nofollow\" href=\"http:\/\/biosphaerenreservat-rhoen.de\/\" class=\"w-iconbox-link\" aria-label=\"Rezerva\u021bia Biosferei Rh\u00f6n\"><div class=\"w-iconbox-icon\" style=\"font-size:24px;\"><i class=\"fas fa-user-circle\"><\/i><\/div><\/a><div class=\"w-iconbox-meta\"><h5 class=\"w-iconbox-title\"><a target=\" _blank\" rel=\"nofollow\" href=\"http:\/\/biosphaerenreservat-rhoen.de\/\" class=\"w-iconbox-link\" aria-label=\"Rezerva\u021bia Biosferei Rh\u00f6n\">Rezerva\u021bia Biosferei Rh\u00f6n<\/a><\/h5><\/div><\/div><div class=\"w-separator size_custom\" style=\"height:10px\"><\/div><div class=\"w-iconbox iconpos_left style_default color_primary align_left no_text\"><a target=\" _blank\" rel=\"nofollow\" href=\"http:\/\/www.schwarzwald-nationalpark.de\/\" class=\"w-iconbox-link\" aria-label=\"Parcul Na\u021bional P\u0103durea Neagr\u0103\"><div class=\"w-iconbox-icon\" style=\"font-size:24px;\"><i class=\"fas fa-user-circle\"><\/i><\/div><\/a><div class=\"w-iconbox-meta\"><h5 class=\"w-iconbox-title\"><a target=\" _blank\" rel=\"nofollow\" href=\"http:\/\/www.schwarzwald-nationalpark.de\/\" class=\"w-iconbox-link\" aria-label=\"Parcul Na\u021bional P\u0103durea Neagr\u0103\">Parcul Na\u021bional P\u0103durea Neagr\u0103<\/a><\/h5><\/div><\/div><div class=\"w-separator size_custom\" style=\"height:10px\"><\/div><div class=\"w-iconbox iconpos_left style_default color_primary align_left no_text\"><a target=\" _blank\" rel=\"nofollow\" href=\"https:\/\/www.jagdverband.de\/content\/wild-monitoring\" class=\"w-iconbox-link\" aria-label=\"Monitorizarea faunei s\u0103lbatice din statele federale\"><div class=\"w-iconbox-icon\" style=\"font-size:24px;\"><i class=\"fas fa-user-circle\"><\/i><\/div><\/a><div class=\"w-iconbox-meta\"><h5 class=\"w-iconbox-title\"><a target=\" _blank\" rel=\"nofollow\" href=\"https:\/\/www.jagdverband.de\/content\/wild-monitoring\" class=\"w-iconbox-link\" aria-label=\"Monitorizarea faunei s\u0103lbatice din statele federale\">Monitorizarea faunei s\u0103lbatice din statele federale<\/a><\/h5><\/div><\/div><div class=\"w-separator size_custom\" style=\"height:10px\"><\/div><div class=\"w-iconbox iconpos_left style_default color_primary align_left no_text\"><a target=\" _blank\" rel=\"nofollow\" href=\"https:\/\/www.hs-rottenburg.net\/startseite\/\" class=\"w-iconbox-link\" aria-label=\"Universitatea de \u0218tiin\u021be Aplicate din Rottenburg\"><div class=\"w-iconbox-icon\" style=\"font-size:24px;\"><i class=\"fas fa-user-circle\"><\/i><\/div><\/a><div class=\"w-iconbox-meta\"><h5 class=\"w-iconbox-title\"><a target=\" _blank\" rel=\"nofollow\" href=\"https:\/\/www.hs-rottenburg.net\/startseite\/\" class=\"w-iconbox-link\" aria-label=\"Universitatea de \u0218tiin\u021be Aplicate din Rottenburg\">Universitatea de \u0218tiin\u021be Aplicate din Rottenburg<\/a><\/h5><\/div><\/div><div class=\"w-separator size_custom\" style=\"height:10px\"><\/div><div class=\"w-iconbox iconpos_left style_default color_primary align_left no_text\"><a target=\" _blank\" rel=\"nofollow\" href=\"http:\/\/www.jagd-stromberg.de\" class=\"w-iconbox-link\" aria-label=\"V\u00e2n\u0103toare \u00een Stromberg\"><div class=\"w-iconbox-icon\" style=\"font-size:24px;\"><i class=\"fas fa-user-circle\"><\/i><\/div><\/a><div class=\"w-iconbox-meta\"><h5 class=\"w-iconbox-title\"><a target=\" _blank\" rel=\"nofollow\" href=\"http:\/\/www.jagd-stromberg.de\" class=\"w-iconbox-link\" aria-label=\"V\u00e2n\u0103toare \u00een Stromberg\">V\u00e2n\u0103toare \u00een Stromberg<\/a><\/h5><\/div><\/div><div class=\"w-separator size_custom\" style=\"height:10px\"><\/div><div class=\"w-iconbox iconpos_left style_default color_primary align_left no_text\"><a target=\"_blank\" rel=\"nofollow\" href=\"http:\/\/www.nachsuchenprofis.de\/\" class=\"w-iconbox-link\" aria-label=\"Schaalsee Sta\u021bie de sudur\u0103 pentru c\u00e2ini\"><div class=\"w-iconbox-icon\" style=\"font-size:24px;\"><i class=\"fas fa-user-circle\"><\/i><\/div><\/a><div class=\"w-iconbox-meta\"><h5 class=\"w-iconbox-title\"><a target=\"_blank\" rel=\"nofollow\" href=\"http:\/\/www.nachsuchenprofis.de\/\" class=\"w-iconbox-link\" aria-label=\"Schaalsee Sta\u021bie de sudur\u0103 pentru c\u00e2ini\">Schaalsee Sta\u021bie de sudur\u0103 pentru c\u00e2ini<\/a><\/h5><\/div><\/div><div class=\"w-separator size_custom\" style=\"height:10px\"><\/div><div class=\"w-iconbox iconpos_left style_default color_primary align_left no_text\"><a target=\" _blank\" rel=\"nofollow\" href=\"http:\/\/www.hegering-amelinghausen.de\/hegering\/\" class=\"w-iconbox-link\" aria-label=\"Comunitatea de v\u00e2n\u0103toare Amelinghausen\"><div class=\"w-iconbox-icon\" style=\"font-size:24px;\"><i class=\"fas fa-user-circle\"><\/i><\/div><\/a><div class=\"w-iconbox-meta\"><h5 class=\"w-iconbox-title\"><a target=\" _blank\" rel=\"nofollow\" href=\"http:\/\/www.hegering-amelinghausen.de\/hegering\/\" class=\"w-iconbox-link\" aria-label=\"Comunitatea de v\u00e2n\u0103toare Amelinghausen\">Comunitatea de v\u00e2n\u0103toare Amelinghausen<\/a><\/h5><\/div><\/div><div class=\"w-separator size_custom\" style=\"height:10px\"><\/div><div class=\"w-iconbox iconpos_left style_default color_primary align_left no_text\"><a target=\" _blank\" rel=\"nofollow\" href=\"http:\/\/www.landesjagdverband.de\/\" class=\"w-iconbox-link\" aria-label=\"Asocia\u021bia de Stat pentru V\u00e2n\u0103toare din Baden-W\u00fcrttemberg\"><div class=\"w-iconbox-icon\" style=\"font-size:24px;\"><i class=\"fas fa-user-circle\"><\/i><\/div><\/a><div class=\"w-iconbox-meta\"><h5 class=\"w-iconbox-title\"><a target=\" _blank\" rel=\"nofollow\" href=\"http:\/\/www.landesjagdverband.de\/\" class=\"w-iconbox-link\" aria-label=\"Asocia\u021bia de Stat pentru V\u00e2n\u0103toare din Baden-W\u00fcrttemberg\">Asocia\u021bia de Stat pentru V\u00e2n\u0103toare din Baden-W\u00fcrttemberg<\/a><\/h5><\/div><\/div><div class=\"w-separator size_custom\" style=\"height:10px\"><\/div><div class=\"w-iconbox iconpos_left style_default color_primary align_left no_text\"><a target=\" _blank\" rel=\"nofollow\" href=\"http:\/\/www.ljv-rlp.de\/\" class=\"w-iconbox-link\" aria-label=\"Asocia\u021bia de v\u00e2n\u0103toare din Renania-Palatinat\"><div class=\"w-iconbox-icon\" style=\"font-size:24px;\"><i class=\"fas fa-user-circle\"><\/i><\/div><\/a><div class=\"w-iconbox-meta\"><h5 class=\"w-iconbox-title\"><a target=\" _blank\" rel=\"nofollow\" href=\"http:\/\/www.ljv-rlp.de\/\" class=\"w-iconbox-link\" aria-label=\"Asocia\u021bia de v\u00e2n\u0103toare din Renania-Palatinat\">Asocia\u021bia de v\u00e2n\u0103toare din Renania-Palatinat<\/a><\/h5><\/div><\/div><div class=\"w-separator size_custom\" style=\"height:10px\"><\/div><div class=\"w-iconbox iconpos_left style_default color_primary align_left no_text\"><a target=\" _blank\" rel=\"nofollow\" href=\"https:\/\/www.pfullingen.de\/de\/Aktuelles\/Stadtnachrichten\/Stadtnachricht?view=publish&amp;item=article&amp;id=1274\" class=\"w-iconbox-link\" aria-label=\"Regizat v\u00e2n\u0103toarea Pfullingen\"><div class=\"w-iconbox-icon\" style=\"font-size:24px;\"><i class=\"fas fa-user-circle\"><\/i><\/div><\/a><div class=\"w-iconbox-meta\"><h5 class=\"w-iconbox-title\"><a target=\" _blank\" rel=\"nofollow\" href=\"https:\/\/www.pfullingen.de\/de\/Aktuelles\/Stadtnachrichten\/Stadtnachricht?view=publish&amp;item=article&amp;id=1274\" class=\"w-iconbox-link\" aria-label=\"Regizat v\u00e2n\u0103toarea Pfullingen\">Regizat v\u00e2n\u0103toarea Pfullingen<\/a><\/h5><\/div><\/div><\/div><\/div><\/div><\/div><\/div><\/section><section class=\"l-section wpb_row height_medium color_alternate\"><div class=\"l-section-h i-cf\"><div class=\"g-cols vc_row via_flex valign_top type_default stacking_default\"><div class=\"vc_col-sm-12 wpb_column vc_column_container\"><div class=\"vc_column-inner\"><div class=\"wpb_wrapper\"><div class=\"wpb_text_column\"><div class=\"wpb_wrapper\"><h2 style=\"text-align: center;\"><strong>REVIERWELT.<\/strong>  Descoperi\u021bi.<\/h2>\n<\/div><\/div><\/div><\/div><\/div><\/div><\/div><\/section><section class=\"l-section wpb_row height_medium with_img parallax_ver\"><div class=\"l-section-img\" role=\"img\" data-img-width=\"1024\" data-img-height=\"683\" style=\"background-image: url(https:\/\/revierwelt.de\/wp-content\/uploads\/2018\/01\/170301-0001-2.jpg);\"><\/div><div class=\"l-section-overlay\" style=\"background:rgba(72,108,75,0.5)\"><\/div><div class=\"l-section-h i-cf\"><div class=\"g-cols vc_row via_flex valign_top type_default stacking_default\"><div class=\"vc_col-sm-12 wpb_column vc_column_container\"><div class=\"vc_column-inner\"><div class=\"wpb_wrapper\"><div class=\"w-grid type_grid layout_25853 cols_6 ratio_1x1\" id=\"us_grid_1\" style=\"--columns:6;--gap:2px;--item-ratio:1;\" data-filterable=\"true\"><style>@media (max-width:1380px){#us_grid_1{--columns:3!important}}@media (max-width:1024px){#us_grid_1{--columns:2!important}}@media (max-width:600px){#us_grid_1{--columns:1!important}}.layout_25853 .w-grid-item-h{}.layout_25853 .usg_post_custom_field_1{transition-duration:0.4s;transform-origin:50% 50%;transform:scale(0) translate(0,0);opacity:0}.layout_25853 .w-grid-item-h:hover .usg_post_custom_field_1{transform:scale(1.5) translate(0,0);opacity:1}.layout_25853 .usg_vwrapper_1{transition-duration:0.4s;transform-origin:50% 50%;transform:scale(0) translate(0,0);opacity:0}.layout_25853 .w-grid-item-h:hover .usg_vwrapper_1{transform:scale(1) translate(0,0);opacity:1}.layout_25853 .usg_post_image_1{position:absolute!important;top:0!important;right:0!important;bottom:0!important;left:0!important}.layout_25853 .usg_post_custom_field_1{position:absolute!important;top:0!important;right:0!important;bottom:0!important;left:0!important;border-radius:50!important;padding:2rem!important;background:inherit!important}.layout_25853 .usg_vwrapper_1{position:absolute!important;top:0!important;right:0!important;bottom:0!important;left:0!important;padding:2rem!important}.layout_25853 .usg_post_title_1{color:inherit!important}<\/style><div class=\"w-grid-list\">\t<article class=\"w-grid-item size_1x1 post-28473 us_portfolio type-us_portfolio status-publish has-post-thumbnail hentry us_portfolio_category-revierwelt\" data-id=\"28473\">\r\n\t\t<div class=\"w-grid-item-h\" style=\"background:#f2f2f2;color:#486c4b;\">\r\n\t\t\t\t\t\t\t<a href=\"https:\/\/revierwelt.de\/index.php\/portfolio\/fleischverwaltung\/\" class=\"w-grid-item-anchor\" aria-label=\"Fleischverwaltung\"><\/a>\r\n\t\t\t\t\t\t<div class=\"w-post-elm post_image usg_post_image_1 stretched\"><img loading=\"lazy\" decoding=\"async\" width=\"573\" height=\"573\" src=\"https:\/\/revierwelt.de\/wp-content\/uploads\/2022\/03\/frisches_wild_qua.png\" class=\"attachment-us_600_0 size-us_600_0 wp-post-image\" alt=\"\" \/><\/div><div class=\"w-post-elm post_custom_field usg_post_custom_field_1 type_text  color_link_inherit has_border_radius\"><span class=\"w-post-elm-value\"><\/span><\/div><div class=\"w-vwrapper usg_vwrapper_1 align_center valign_middle\"><h3 class=\"w-post-elm post_title usg_post_title_1 has_text_color align_center entry-title color_link_inherit\">Fleischverwaltung<\/h3><\/div>\t\t<\/div>\r\n\t\t\t<\/article>\r\n\t<article class=\"w-grid-item size_1x1 post-26717 us_portfolio type-us_portfolio status-publish has-post-thumbnail hentry us_portfolio_category-revierwelt\" data-id=\"26717\">\r\n\t\t<div class=\"w-grid-item-h\" style=\"background:#f2f2f2;color:#486c4b;\">\r\n\t\t\t\t\t\t\t<a href=\"https:\/\/revierwelt.de\/index.php\/portfolio\/drueckjagd\/\" class=\"w-grid-item-anchor\" aria-label=\"Dr\u00fcckjagd\"><\/a>\r\n\t\t\t\t\t\t<div class=\"w-post-elm post_image usg_post_image_1 stretched\"><img loading=\"lazy\" decoding=\"async\" width=\"600\" height=\"600\" src=\"https:\/\/revierwelt.de\/wp-content\/uploads\/2020\/05\/DRU\u0308CKJAGD_qua.jpg\" class=\"attachment-us_600_0 size-us_600_0 wp-post-image\" alt=\"\" \/><\/div><div class=\"w-post-elm post_custom_field usg_post_custom_field_1 type_text  color_link_inherit has_border_radius\"><span class=\"w-post-elm-value\"><\/span><\/div><div class=\"w-vwrapper usg_vwrapper_1 align_center valign_middle\"><h3 class=\"w-post-elm post_title usg_post_title_1 has_text_color align_center entry-title color_link_inherit\">Dr\u00fcckjagd<\/h3><\/div>\t\t<\/div>\r\n\t\t\t<\/article>\r\n\t<article class=\"w-grid-item size_1x1 post-23142 us_portfolio type-us_portfolio status-publish has-post-thumbnail hentry us_portfolio_category-revierwelt\" data-id=\"23142\">\r\n\t\t<div class=\"w-grid-item-h\" style=\"background:#f2f2f2;color:#486c4b;\">\r\n\t\t\t\t\t\t\t<a href=\"https:\/\/revierwelt.de\/index.php\/portfolio\/revierverwaltung\/\" class=\"w-grid-item-anchor\" aria-label=\"Revierverwaltung\"><\/a>\r\n\t\t\t\t\t\t<div class=\"w-post-elm post_image usg_post_image_1 stretched\"><img loading=\"lazy\" decoding=\"async\" width=\"600\" height=\"600\" src=\"https:\/\/revierwelt.de\/wp-content\/uploads\/2018\/01\/revierverwaltung-1-1-600x600.jpg\" class=\"attachment-us_600_0 size-us_600_0 wp-post-image\" alt=\"\" srcset=\"https:\/\/revierwelt.de\/wp-content\/uploads\/2018\/01\/revierverwaltung-1-1-600x600.jpg 600w, https:\/\/revierwelt.de\/wp-content\/uploads\/2018\/01\/revierverwaltung-1-1-150x150.jpg 150w, https:\/\/revierwelt.de\/wp-content\/uploads\/2018\/01\/revierverwaltung-1-1-300x300.jpg 300w, https:\/\/revierwelt.de\/wp-content\/uploads\/2018\/01\/revierverwaltung-1-1-768x768.jpg 768w, https:\/\/revierwelt.de\/wp-content\/uploads\/2018\/01\/revierverwaltung-1-1.jpg 1024w, https:\/\/revierwelt.de\/wp-content\/uploads\/2018\/01\/revierverwaltung-1-1-180x180.jpg 180w, https:\/\/revierwelt.de\/wp-content\/uploads\/2018\/01\/revierverwaltung-1-1-350x350.jpg 350w\" sizes=\"auto, (max-width: 600px) 100vw, 600px\" \/><\/div><div class=\"w-post-elm post_custom_field usg_post_custom_field_1 type_text  color_link_inherit has_border_radius\"><span class=\"w-post-elm-value\"><\/span><\/div><div class=\"w-vwrapper usg_vwrapper_1 align_center valign_middle\"><h3 class=\"w-post-elm post_title usg_post_title_1 has_text_color align_center entry-title color_link_inherit\">Revierverwaltung<\/h3><\/div>\t\t<\/div>\r\n\t\t\t<\/article>\r\n\t<article class=\"w-grid-item size_1x1 post-331 us_portfolio type-us_portfolio status-publish has-post-thumbnail hentry us_portfolio_category-revierwelt\" data-id=\"331\">\r\n\t\t<div class=\"w-grid-item-h\" style=\"background:#f2f2f2;color:#486c4b;\">\r\n\t\t\t\t\t\t\t<a href=\"https:\/\/revierwelt.de\/index.php\/portfolio\/gps-hundeortung\/\" class=\"w-grid-item-anchor\" aria-label=\"GPS-Hundeortung\"><\/a>\r\n\t\t\t\t\t\t<div class=\"w-post-elm post_image usg_post_image_1 stretched\"><img loading=\"lazy\" decoding=\"async\" width=\"600\" height=\"600\" src=\"https:\/\/revierwelt.de\/wp-content\/uploads\/2018\/01\/Dru\u0308ckjagd_iphone_qua2.png\" class=\"attachment-us_600_0 size-us_600_0 wp-post-image\" alt=\"\" \/><\/div><div class=\"w-post-elm post_custom_field usg_post_custom_field_1 type_text  color_link_inherit has_border_radius\"><span class=\"w-post-elm-value\"><\/span><\/div><div class=\"w-vwrapper usg_vwrapper_1 align_center valign_middle\"><h3 class=\"w-post-elm post_title usg_post_title_1 has_text_color align_center entry-title color_link_inherit\">GPS-Hundeortung<\/h3><\/div>\t\t<\/div>\r\n\t\t\t<\/article>\r\n\t<article class=\"w-grid-item size_1x1 post-23138 us_portfolio type-us_portfolio status-publish has-post-thumbnail hentry us_portfolio_category-revierwelt\" data-id=\"23138\">\r\n\t\t<div class=\"w-grid-item-h\" style=\"background:#f2f2f2;color:#486c4b;\">\r\n\t\t\t\t\t\t\t<a href=\"https:\/\/revierwelt.de\/index.php\/portfolio\/wildkameras\/\" class=\"w-grid-item-anchor\" aria-label=\"Wildkameras\"><\/a>\r\n\t\t\t\t\t\t<div class=\"w-post-elm post_image usg_post_image_1 stretched\"><img loading=\"lazy\" decoding=\"async\" width=\"600\" height=\"600\" src=\"https:\/\/revierwelt.de\/wp-content\/uploads\/2018\/01\/WILDKAMERA_wald_qua.jpg\" class=\"attachment-us_600_0 size-us_600_0 wp-post-image\" alt=\"\" \/><\/div><div class=\"w-post-elm post_custom_field usg_post_custom_field_1 type_text  color_link_inherit has_border_radius\"><span class=\"w-post-elm-value\"><\/span><\/div><div class=\"w-vwrapper usg_vwrapper_1 align_center valign_middle\"><h3 class=\"w-post-elm post_title usg_post_title_1 has_text_color align_center entry-title color_link_inherit\">Wildkameras<\/h3><\/div>\t\t<\/div>\r\n\t\t\t<\/article>\r\n\t<article class=\"w-grid-item size_1x1 post-23136 us_portfolio type-us_portfolio status-publish has-post-thumbnail hentry us_portfolio_category-revierwelt\" data-id=\"23136\">\r\n\t\t<div class=\"w-grid-item-h\" style=\"background:#f2f2f2;color:#486c4b;\">\r\n\t\t\t\t\t\t\t<a href=\"https:\/\/revierwelt.de\/index.php\/portfolio\/fallenueberwachung\/\" class=\"w-grid-item-anchor\" aria-label=\"Fangjagd\"><\/a>\r\n\t\t\t\t\t\t<div class=\"w-post-elm post_image usg_post_image_1 stretched\"><img loading=\"lazy\" decoding=\"async\" width=\"600\" height=\"600\" src=\"https:\/\/revierwelt.de\/wp-content\/uploads\/2018\/01\/Marder_Trap_qua.png\" class=\"attachment-us_600_0 size-us_600_0 wp-post-image\" alt=\"\" \/><\/div><div class=\"w-post-elm post_custom_field usg_post_custom_field_1 type_text  color_link_inherit has_border_radius\"><span class=\"w-post-elm-value\"><\/span><\/div><div class=\"w-vwrapper usg_vwrapper_1 align_center valign_middle\"><h3 class=\"w-post-elm post_title usg_post_title_1 has_text_color align_center entry-title color_link_inherit\">Fangjagd<\/h3><\/div>\t\t<\/div>\r\n\t\t\t<\/article>\r\n<\/div><div class=\"w-grid-preloader\">\t<div class=\"g-preloader type_1\">\r\n\t\t<div><\/div>\r\n\t<\/div>\r\n\t<\/div>\t<div class=\"w-grid-json hidden\" onclick='return {&quot;action&quot;:&quot;us_ajax_grid&quot;,&quot;infinite_scroll&quot;:0,&quot;max_num_pages&quot;:2,&quot;pagination&quot;:&quot;none&quot;,&quot;template_vars&quot;:{&quot;columns&quot;:&quot;6&quot;,&quot;exclude_items&quot;:&quot;none&quot;,&quot;img_size&quot;:&quot;us_600_0&quot;,&quot;ignore_items_size&quot;:0,&quot;items_layout&quot;:&quot;25853&quot;,&quot;items_offset&quot;:&quot;1&quot;,&quot;load_animation&quot;:&quot;none&quot;,&quot;overriding_link&quot;:&quot;%7B%22type%22%3A%22post%22%7D&quot;,&quot;post_id&quot;:0,&quot;query_args&quot;:{&quot;post_type&quot;:[&quot;us_portfolio&quot;],&quot;tax_query&quot;:[{&quot;taxonomy&quot;:&quot;us_portfolio_category&quot;,&quot;field&quot;:&quot;slug&quot;,&quot;terms&quot;:[&quot;revierwelt&quot;]}],&quot;post_status&quot;:[&quot;publish&quot;],&quot;posts_per_page&quot;:&quot;6&quot;},&quot;orderby_query_args&quot;:{&quot;orderby&quot;:{&quot;date&quot;:&quot;DESC&quot;}},&quot;type&quot;:&quot;grid&quot;,&quot;us_grid_post_type&quot;:&quot;us_portfolio&quot;,&quot;us_grid_ajax_index&quot;:1,&quot;us_grid_filter_query_string&quot;:null,&quot;us_grid_index&quot;:1,&quot;page_args&quot;:[]}}'><\/div>\r\n\t<\/div><\/div><\/div><\/div><\/div><\/div><\/section><section class=\"l-section wpb_row height_medium color_primary\"><div class=\"l-section-h i-cf\"><div class=\"g-cols vc_row via_flex valign_top type_default stacking_default\"><div class=\"vc_col-sm-12 wpb_column vc_column_container us_animate_afb\"><div class=\"vc_column-inner\"><div class=\"wpb_wrapper\"><div class=\"w-actionbox color_primary controls_right\"><div class=\"w-actionbox-text\"><h2 class=\"w-actionbox-title\">Convinge\u021bi-v\u0103 de Revierwelt!<\/h2><\/div><div class=\"w-actionbox-controls\"><a class=\"w-btn us-btn-style_6 icon_atleft\" href=\"https:\/\/portal.revierwelt.de\/\" style=\"font-size:19px;\"><i class=\"fas fa-user-plus\"><\/i><span class=\"w-btn-label\">\u00cenregistra\u021bi-v\u0103 acum!<\/span><\/a><\/div><\/div><\/div><\/div><\/div><\/div><\/div><\/section>\n","protected":false},"excerpt":{"rendered":"REVIERWELT. Fallen\u00fcberwachung. In die Falle gegangen. Das aufw\u00e4ndigste an der Fangjagd sind die vorgeschriebenen Kontrollen &#8211; f\u00fcr die gesetzeskonforme und tierschutzgerechte Fangjagd bietet Revierwelt Ihnen die komfortable und sichere L\u00f6sung.\u00a0Revierwelt sendet Ihnen jede Fallenmeldung umgehend auf Ihr Handy &#8211; so k\u00f6nnen Sie umgehend reagieren. Zeitaufw\u00e4ndige t\u00e4gliche Kontrollen geh\u00f6ren somit der Vergangenheit an. Zeitsparend und sicher....","protected":false},"author":1,"featured_media":0,"parent":0,"menu_order":0,"comment_status":"closed","ping_status":"closed","template":"","meta":{"footnotes":""},"class_list":["post-41816","page","type-page","status-publish","hentry"],"_links":{"self":[{"href":"https:\/\/revierwelt.de\/index.php\/wp-json\/wp\/v2\/pages\/41816","targetHints":{"allow":["GET"]}}],"collection":[{"href":"https:\/\/revierwelt.de\/index.php\/wp-json\/wp\/v2\/pages"}],"about":[{"href":"https:\/\/revierwelt.de\/index.php\/wp-json\/wp\/v2\/types\/page"}],"author":[{"embeddable":true,"href":"https:\/\/revierwelt.de\/index.php\/wp-json\/wp\/v2\/users\/1"}],"replies":[{"embeddable":true,"href":"https:\/\/revierwelt.de\/index.php\/wp-json\/wp\/v2\/comments?post=41816"}],"version-history":[{"count":0,"href":"https:\/\/revierwelt.de\/index.php\/wp-json\/wp\/v2\/pages\/41816\/revisions"}],"wp:attachment":[{"href":"https:\/\/revierwelt.de\/index.php\/wp-json\/wp\/v2\/media?parent=41816"}],"curies":[{"name":"wp","href":"https:\/\/api.w.org\/{rel}","templated":true}]}}